{"id":4186,"date":"2026-01-29T14:44:02","date_gmt":"2026-01-29T14:44:02","guid":{"rendered":"https:\/\/www.fiadys.org\/?post_type=dialogo&#038;p=4186"},"modified":"2026-02-25T14:13:33","modified_gmt":"2026-02-25T14:13:33","slug":"ep-20-jovenes-identidad-y-redes-sociales-con-rebeca-cordero-y-jorge-ramiro","status":"publish","type":"dialogo","link":"https:\/\/www.fiadys.org\/en\/dialogo\/ep-20-jovenes-identidad-y-redes-sociales-con-rebeca-cordero-y-jorge-ramiro\/","title":{"rendered":"Episodio 19. J\u00f3venes, identidad y redes sociales con Rebeca Cordero y Jorge Ramiro"},"content":{"rendered":"\n<p>Bienvenidos y bienvenidas al \u00faltimo episodio del 2025. <\/p>\n\n\n\n<p>Cerramos el a\u00f1o con una conversaci\u00f3n imprescindible sobre j\u00f3venes, identidad y entornos digitales. En este episodio nos acompa\u00f1an Rebeca Cordero y Jorge P\u00e9rez, del grupo de investigaci\u00f3n de la Universidad Europea, especializados en el an\u00e1lisis de c\u00f3mo los y las j\u00f3venes construyen su identidad en redes sociales y aplicaciones de citas. <\/p>\n\n\n\n<p>A partir de proyectos como \u201cEnrolla2\u201d, exploramos cuestiones clave como la sexualizaci\u00f3n, la cultura de la belleza y la forma en que el deseo y las emociones comienzan a mercantilizarse en el entorno digital, especialmente entre menores de edad. <\/p>\n\n\n\n<p>Los resultados de su investigaci\u00f3n alertan sobre una brecha generacional cada vez mayor y sobre la necesidad de replantear c\u00f3mo acompa\u00f1amos a los j\u00f3venes en estos espacios. Frente a enfoques moralizantes, proponen una v\u00eda basada en la comunicaci\u00f3n horizontal, el pensamiento cr\u00edtico y el di\u00e1logo. <\/p>\n\n\n\n<p>Como resultado pr\u00e1ctico, han desarrollado una gu\u00eda de buenas pr\u00e1cticas que busca tender puentes entre familias, educadores y j\u00f3venes, promoviendo un uso m\u00e1s \u00e9tico y consciente de la tecnolog\u00eda. <\/p>\n\n\n\n<p>\ud83d\udd17 Enlace directo al proyecto: <a href=\"https:\/\/portalcientifico.universidadeuropea.com\/documentos\/6200218a99a2203d59cd27ac \">https:\/\/portalcientifico.universidadeuropea.com\/documentos\/6200218a99a2203d59cd27ac <\/a><\/p>\n\n\n\n<p>\ud83d\udd17 Gu\u00eda de buenas pr\u00e1cticas sobre el uso de las redes sociales: <a href=\"https:\/\/unaf.org\/publicaciones\/guia-de-buenas-practicas-sobre-el-uso-de-las-redes-sociales\/ \">https:\/\/unaf.org\/publicaciones\/guia-de-buenas-practicas-sobre-el-uso-de-las-redes-sociales\/ <\/a><\/p>\n\n\n\n<p>\ud83d\udd17 Gu\u00eda para la identificaci\u00f3n de comportamientos adictivos cotidianos: <a href=\"https:\/\/atelieropenaccess.com\/products\/guia-para-la-identificacion-de-comportamientos-adictivos-cotidianos\">https:\/\/atelieropenaccess.com\/products\/guia-para-la-identificacion-de-comportamientos-adictivos-cotidianos<\/a><\/p>\n\n\n\n<p>Episodio ya diponible en <a href=\"https:\/\/open.spotify.com\/episode\/37qu2SfW4HaGRwtGySDixD?si=SgBuqM5hRnqCXHTdE39GcQ\">Spotify<\/a>, <a href=\"https:\/\/youtu.be\/GsW3T_62ZHw\">YouTube<\/a> y ApplePodcast<\/p>\n","protected":false},"excerpt":{"rendered":"<p>Bienvenidos y bienvenidas al \u00faltimo episodio del 2025. Cerramos el a\u00f1o con una conversaci\u00f3n imprescindible sobre j\u00f3venes, identidad y entornos [&hellip;]<\/p>\n","protected":false},"featured_media":4187,"template":"","tags":[],"class_list":["post-4186","dialogo","type-dialogo","status-publish","has-post-thumbnail","hentry"],"acf":[],"yoast_head":"<!-- This site is optimized with the Yoast SEO plugin v27.4 - https:\/\/yoast.com\/product\/yoast-seo-wordpress\/ -->\n<title>Episodio 19. J\u00f3venes, identidad y redes sociales con Rebeca Cordero y Jorge Ramiro - Fiadys<\/title>\n<meta name=\"robots\" content=\"index, follow, max-snippet:-1, max-image-preview:large, max-video-preview:-1\" \/>\n<link rel=\"canonical\" href=\"https:\/\/www.fiadys.org\/dialogo\/ep-20-jovenes-identidad-y-redes-sociales-con-rebeca-cordero-y-jorge-ramiro\/\" \/>\n<meta property=\"og:locale\" content=\"en_US\" \/>\n<meta property=\"og:type\" content=\"article\" \/>\n<meta property=\"og:title\" content=\"Episodio 19. J\u00f3venes, identidad y redes sociales con Rebeca Cordero y Jorge Ramiro - Fiadys\" \/>\n<meta property=\"og:description\" content=\"Bienvenidos y bienvenidas al \u00faltimo episodio del 2025. Cerramos el a\u00f1o con una conversaci\u00f3n imprescindible sobre j\u00f3venes, identidad y entornos [&hellip;]\" \/>\n<meta property=\"og:url\" content=\"https:\/\/www.fiadys.org\/dialogo\/ep-20-jovenes-identidad-y-redes-sociales-con-rebeca-cordero-y-jorge-ramiro\/\" \/>\n<meta property=\"og:site_name\" content=\"Fiadys\" \/>\n<meta property=\"article:modified_time\" content=\"2026-02-25T14:13:33+00:00\" \/>\n<meta property=\"og:image\" content=\"https:\/\/www.fiadys.org\/wp-content\/uploads\/2026\/01\/EPISODIOS-PODCAST.png\" \/>\n\t<meta property=\"og:image:width\" content=\"1080\" \/>\n\t<meta property=\"og:image:height\" content=\"1350\" \/>\n\t<meta property=\"og:image:type\" content=\"image\/png\" \/>\n<meta name=\"twitter:card\" content=\"summary_large_image\" \/>\n<meta name=\"twitter:label1\" content=\"Est. reading time\" \/>\n\t<meta name=\"twitter:data1\" content=\"2 minutes\" \/>\n<script type=\"application\/ld+json\" class=\"yoast-schema-graph\">{\"@context\":\"https:\\\/\\\/schema.org\",\"@graph\":[{\"@type\":\"WebPage\",\"@id\":\"https:\\\/\\\/www.fiadys.org\\\/dialogo\\\/ep-20-jovenes-identidad-y-redes-sociales-con-rebeca-cordero-y-jorge-ramiro\\\/\",\"url\":\"https:\\\/\\\/www.fiadys.org\\\/dialogo\\\/ep-20-jovenes-identidad-y-redes-sociales-con-rebeca-cordero-y-jorge-ramiro\\\/\",\"name\":\"Episodio 19. J\u00f3venes, identidad y redes sociales con Rebeca Cordero y Jorge Ramiro - Fiadys\",\"isPartOf\":{\"@id\":\"https:\\\/\\\/www.fiadys.org\\\/#website\"},\"primaryImageOfPage\":{\"@id\":\"https:\\\/\\\/www.fiadys.org\\\/dialogo\\\/ep-20-jovenes-identidad-y-redes-sociales-con-rebeca-cordero-y-jorge-ramiro\\\/#primaryimage\"},\"image\":{\"@id\":\"https:\\\/\\\/www.fiadys.org\\\/dialogo\\\/ep-20-jovenes-identidad-y-redes-sociales-con-rebeca-cordero-y-jorge-ramiro\\\/#primaryimage\"},\"thumbnailUrl\":\"https:\\\/\\\/www.fiadys.org\\\/wp-content\\\/uploads\\\/2026\\\/01\\\/EPISODIOS-PODCAST.png\",\"datePublished\":\"2026-01-29T14:44:02+00:00\",\"dateModified\":\"2026-02-25T14:13:33+00:00\",\"breadcrumb\":{\"@id\":\"https:\\\/\\\/www.fiadys.org\\\/dialogo\\\/ep-20-jovenes-identidad-y-redes-sociales-con-rebeca-cordero-y-jorge-ramiro\\\/#breadcrumb\"},\"inLanguage\":\"en-US\",\"potentialAction\":[{\"@type\":\"ReadAction\",\"target\":[\"https:\\\/\\\/www.fiadys.org\\\/dialogo\\\/ep-20-jovenes-identidad-y-redes-sociales-con-rebeca-cordero-y-jorge-ramiro\\\/\"]}]},{\"@type\":\"ImageObject\",\"inLanguage\":\"en-US\",\"@id\":\"https:\\\/\\\/www.fiadys.org\\\/dialogo\\\/ep-20-jovenes-identidad-y-redes-sociales-con-rebeca-cordero-y-jorge-ramiro\\\/#primaryimage\",\"url\":\"https:\\\/\\\/www.fiadys.org\\\/wp-content\\\/uploads\\\/2026\\\/01\\\/EPISODIOS-PODCAST.png\",\"contentUrl\":\"https:\\\/\\\/www.fiadys.org\\\/wp-content\\\/uploads\\\/2026\\\/01\\\/EPISODIOS-PODCAST.png\",\"width\":1080,\"height\":1350},{\"@type\":\"BreadcrumbList\",\"@id\":\"https:\\\/\\\/www.fiadys.org\\\/dialogo\\\/ep-20-jovenes-identidad-y-redes-sociales-con-rebeca-cordero-y-jorge-ramiro\\\/#breadcrumb\",\"itemListElement\":[{\"@type\":\"ListItem\",\"position\":1,\"name\":\"Home\",\"item\":\"https:\\\/\\\/www.fiadys.org\\\/en\\\/\"},{\"@type\":\"ListItem\",\"position\":2,\"name\":\"Episodio 19. J\u00f3venes, identidad y redes sociales con Rebeca Cordero y Jorge Ramiro\"}]},{\"@type\":\"WebSite\",\"@id\":\"https:\\\/\\\/www.fiadys.org\\\/#website\",\"url\":\"https:\\\/\\\/www.fiadys.org\\\/\",\"name\":\"Fiadys\",\"description\":\"Fundaci\u00f3n para la Investigaci\u00f3n Aplicada en Delincuencia y Seguridad\",\"potentialAction\":[{\"@type\":\"SearchAction\",\"target\":{\"@type\":\"EntryPoint\",\"urlTemplate\":\"https:\\\/\\\/www.fiadys.org\\\/?s={search_term_string}\"},\"query-input\":{\"@type\":\"PropertyValueSpecification\",\"valueRequired\":true,\"valueName\":\"search_term_string\"}}],\"inLanguage\":\"en-US\"}]}<\/script>\n<!-- \/ Yoast SEO plugin. -->","yoast_head_json":{"title":"Episodio 19. J\u00f3venes, identidad y redes sociales con Rebeca Cordero y Jorge Ramiro - Fiadys","robots":{"index":"index","follow":"follow","max-snippet":"max-snippet:-1","max-image-preview":"max-image-preview:large","max-video-preview":"max-video-preview:-1"},"canonical":"https:\/\/www.fiadys.org\/dialogo\/ep-20-jovenes-identidad-y-redes-sociales-con-rebeca-cordero-y-jorge-ramiro\/","og_locale":"en_US","og_type":"article","og_title":"Episodio 19. J\u00f3venes, identidad y redes sociales con Rebeca Cordero y Jorge Ramiro - Fiadys","og_description":"Bienvenidos y bienvenidas al \u00faltimo episodio del 2025. Cerramos el a\u00f1o con una conversaci\u00f3n imprescindible sobre j\u00f3venes, identidad y entornos [&hellip;]","og_url":"https:\/\/www.fiadys.org\/dialogo\/ep-20-jovenes-identidad-y-redes-sociales-con-rebeca-cordero-y-jorge-ramiro\/","og_site_name":"Fiadys","article_modified_time":"2026-02-25T14:13:33+00:00","og_image":[{"width":1080,"height":1350,"url":"https:\/\/www.fiadys.org\/wp-content\/uploads\/2026\/01\/EPISODIOS-PODCAST.png","type":"image\/png"}],"twitter_card":"summary_large_image","twitter_misc":{"Est. reading time":"2 minutes"},"schema":{"@context":"https:\/\/schema.org","@graph":[{"@type":"WebPage","@id":"https:\/\/www.fiadys.org\/dialogo\/ep-20-jovenes-identidad-y-redes-sociales-con-rebeca-cordero-y-jorge-ramiro\/","url":"https:\/\/www.fiadys.org\/dialogo\/ep-20-jovenes-identidad-y-redes-sociales-con-rebeca-cordero-y-jorge-ramiro\/","name":"Episodio 19. J\u00f3venes, identidad y redes sociales con Rebeca Cordero y Jorge Ramiro - Fiadys","isPartOf":{"@id":"https:\/\/www.fiadys.org\/#website"},"primaryImageOfPage":{"@id":"https:\/\/www.fiadys.org\/dialogo\/ep-20-jovenes-identidad-y-redes-sociales-con-rebeca-cordero-y-jorge-ramiro\/#primaryimage"},"image":{"@id":"https:\/\/www.fiadys.org\/dialogo\/ep-20-jovenes-identidad-y-redes-sociales-con-rebeca-cordero-y-jorge-ramiro\/#primaryimage"},"thumbnailUrl":"https:\/\/www.fiadys.org\/wp-content\/uploads\/2026\/01\/EPISODIOS-PODCAST.png","datePublished":"2026-01-29T14:44:02+00:00","dateModified":"2026-02-25T14:13:33+00:00","breadcrumb":{"@id":"https:\/\/www.fiadys.org\/dialogo\/ep-20-jovenes-identidad-y-redes-sociales-con-rebeca-cordero-y-jorge-ramiro\/#breadcrumb"},"inLanguage":"en-US","potentialAction":[{"@type":"ReadAction","target":["https:\/\/www.fiadys.org\/dialogo\/ep-20-jovenes-identidad-y-redes-sociales-con-rebeca-cordero-y-jorge-ramiro\/"]}]},{"@type":"ImageObject","inLanguage":"en-US","@id":"https:\/\/www.fiadys.org\/dialogo\/ep-20-jovenes-identidad-y-redes-sociales-con-rebeca-cordero-y-jorge-ramiro\/#primaryimage","url":"https:\/\/www.fiadys.org\/wp-content\/uploads\/2026\/01\/EPISODIOS-PODCAST.png","contentUrl":"https:\/\/www.fiadys.org\/wp-content\/uploads\/2026\/01\/EPISODIOS-PODCAST.png","width":1080,"height":1350},{"@type":"BreadcrumbList","@id":"https:\/\/www.fiadys.org\/dialogo\/ep-20-jovenes-identidad-y-redes-sociales-con-rebeca-cordero-y-jorge-ramiro\/#breadcrumb","itemListElement":[{"@type":"ListItem","position":1,"name":"Home","item":"https:\/\/www.fiadys.org\/en\/"},{"@type":"ListItem","position":2,"name":"Episodio 19. J\u00f3venes, identidad y redes sociales con Rebeca Cordero y Jorge Ramiro"}]},{"@type":"WebSite","@id":"https:\/\/www.fiadys.org\/#website","url":"https:\/\/www.fiadys.org\/","name":"Fiadys","description":"Fundaci\u00f3n para la Investigaci\u00f3n Aplicada en Delincuencia y Seguridad","potentialAction":[{"@type":"SearchAction","target":{"@type":"EntryPoint","urlTemplate":"https:\/\/www.fiadys.org\/?s={search_term_string}"},"query-input":{"@type":"PropertyValueSpecification","valueRequired":true,"valueName":"search_term_string"}}],"inLanguage":"en-US"}]}},"_links":{"self":[{"href":"https:\/\/www.fiadys.org\/en\/wp-json\/wp\/v2\/dialogo\/4186","targetHints":{"allow":["GET"]}}],"collection":[{"href":"https:\/\/www.fiadys.org\/en\/wp-json\/wp\/v2\/dialogo"}],"about":[{"href":"https:\/\/www.fiadys.org\/en\/wp-json\/wp\/v2\/types\/dialogo"}],"wp:featuredmedia":[{"embeddable":true,"href":"https:\/\/www.fiadys.org\/en\/wp-json\/wp\/v2\/media\/4187"}],"wp:attachment":[{"href":"https:\/\/www.fiadys.org\/en\/wp-json\/wp\/v2\/media?parent=4186"}],"wp:term":[{"taxonomy":"post_tag","embeddable":true,"href":"https:\/\/www.fiadys.org\/en\/wp-json\/wp\/v2\/tags?post=4186"}],"curies":[{"name":"wp","href":"https:\/\/api.w.org\/{rel}","templated":true}]}}